{"id":126,"date":"2025-03-30T13:48:41","date_gmt":"2025-03-30T11:48:41","guid":{"rendered":"https:\/\/test.olsavsky.cz\/tv\/?page_id=126"},"modified":"2025-04-14T14:32:55","modified_gmt":"2025-04-14T12:32:55","slug":"lektori","status":"publish","type":"page","link":"https:\/\/test.olsavsky.cz\/tv\/lektori\/","title":{"rendered":"Lekto\u0159i"},"content":{"rendered":"\n<div class=\"wp-block-group alignfull is-style-section-2 has-global-padding is-layout-constrained wp-block-group-is-layout-constrained is-style-section-2--1\" style=\"margin-top:0;margin-bottom:0;padding-top:var(--wp--preset--spacing--10);padding-bottom:var(--wp--preset--spacing--10)\">\n<div class=\"wp-block-columns alignwide is-layout-flex wp-container-core-columns-is-layout-643ced6b wp-block-columns-is-layout-flex\">\n<div class=\"wp-block-column is-layout-flow wp-block-column-is-layout-flow\" style=\"flex-basis:40%\">\n<figure class=\"wp-block-image size-large\"><img loading=\"lazy\" decoding=\"async\" width=\"683\" height=\"1024\" src=\"https:\/\/test.olsavsky.cz\/tv\/wp-content\/uploads\/2025\/04\/Martina-a-Jirka-005-683x1024.jpg\" alt=\"\" class=\"wp-image-195\" srcset=\"https:\/\/test.olsavsky.cz\/tv\/wp-content\/uploads\/2025\/04\/Martina-a-Jirka-005-683x1024.jpg 683w, https:\/\/test.olsavsky.cz\/tv\/wp-content\/uploads\/2025\/04\/Martina-a-Jirka-005-200x300.jpg 200w, https:\/\/test.olsavsky.cz\/tv\/wp-content\/uploads\/2025\/04\/Martina-a-Jirka-005-768x1152.jpg 768w, https:\/\/test.olsavsky.cz\/tv\/wp-content\/uploads\/2025\/04\/Martina-a-Jirka-005-1024x1536.jpg 1024w, https:\/\/test.olsavsky.cz\/tv\/wp-content\/uploads\/2025\/04\/Martina-a-Jirka-005-1365x2048.jpg 1365w, https:\/\/test.olsavsky.cz\/tv\/wp-content\/uploads\/2025\/04\/Martina-a-Jirka-005-600x900.jpg 600w, https:\/\/test.olsavsky.cz\/tv\/wp-content\/uploads\/2025\/04\/Martina-a-Jirka-005-scaled.jpg 1707w\" sizes=\"auto, (max-width: 683px) 100vw, 683px\" \/><\/figure>\n<\/div>\n\n\n\n<div class=\"wp-block-column is-vertically-aligned-center is-layout-flow wp-container-core-column-is-layout-119bc444 wp-block-column-is-layout-flow\" style=\"flex-basis:60%\">\n<h2 class=\"wp-block-heading has-xx-large-font-size\">Ji\u0159\u00ed Vitko<\/h2>\n\n\n\n<h4 class=\"wp-block-heading\">Tane\u010dn\u00ed mistr<\/h4>\n\n\n\n<ul class=\"wp-block-list is-style-checkmark-list\">\n<li>Absolvent Severo\u010desk\u00e9 lidov\u00e9 konzervato\u0159e v \u00dast\u00ed nad Labem, obor spole\u010densk\u00fd tanec<\/li>\n\n\n\n<li>dlouholet\u00fd \u00fasp\u011b\u0161n\u00fd sout\u011b\u017en\u00ed tane\u010dn\u00edk<\/li>\n\n\n\n<li>tren\u00e9r, vedouc\u00ed sportovn\u00edho tane\u010dn\u00edho klubu KST Teplice,vedouc\u00ed d\u011btsk\u00e9ho klubu sportovn\u00edho tance p\u0159i TJ Sokol Trnovany, choreograf<\/li>\n\n\n\n<li>Profesion\u00e1ln\u00ed \u010dlen SUT (Svaz u\u010ditel\u016f tance), funkcion\u00e1\u0159 tane\u010dn\u00edch sout\u011b\u017e\u00ed \u010cesk\u00e9ho svazu tane\u010dn\u00edho sportu (vedouc\u00ed sout\u011b\u017ee, s\u010ditatel, odborn\u00fd dozor)<\/li>\n\n\n\n<li>akreditovan\u00fd tren\u00e9r a porotce III. t\u0159\u00eddy \u010cesk\u00e9ho svazu tane\u010dn\u00edho sportu, akreditovan\u00fd tren\u00e9r III. t\u0159\u00eddy SUT.<\/li>\n<\/ul>\n<\/div>\n<\/div>\n<\/div>\n","protected":false},"excerpt":{"rendered":"<p>Ji\u0159\u00ed Vitko Tane\u010dn\u00ed mistr<\/p>\n","protected":false},"author":1,"featured_media":0,"parent":0,"menu_order":0,"comment_status":"closed","ping_status":"closed","template":"","meta":{"footnotes":""},"class_list":["post-126","page","type-page","status-publish","hentry"],"yoast_head":"<!-- This site is optimized with the Yoast SEO plugin v27.2 - https:\/\/yoast.com\/product\/yoast-seo-wordpress\/ -->\n<title>Lekto\u0159i - Tane\u010dn\u00ed Vitkovi<\/title>\n<meta name=\"description\" content=\"Ji\u0159\u00ed Vitko a dal\u0161\u00ed lekto\u0159i maj\u00ed pot\u0159ebnou kvalifikaci, \u00fa\u010dastn\u00ed se sout\u011b\u017e\u00ed a pracuj\u00ed s ml\u00e1de\u017e\u00ed od nej\u00fatlej\u0161\u00edho v\u011bku.\" \/>\n<meta name=\"robots\" content=\"noindex, follow, max-snippet:-1, max-image-preview:large, max-video-preview:-1\" \/>\n<meta property=\"og:locale\" content=\"cs_CZ\" \/>\n<meta property=\"og:type\" content=\"article\" \/>\n<meta property=\"og:title\" content=\"Lekto\u0159i - Tane\u010dn\u00ed Vitkovi\" \/>\n<meta property=\"og:description\" content=\"Ji\u0159\u00ed Vitko a dal\u0161\u00ed lekto\u0159i maj\u00ed pot\u0159ebnou kvalifikaci, \u00fa\u010dastn\u00ed se sout\u011b\u017e\u00ed a pracuj\u00ed s ml\u00e1de\u017e\u00ed od nej\u00fatlej\u0161\u00edho v\u011bku.\" \/>\n<meta property=\"og:url\" content=\"https:\/\/test.olsavsky.cz\/tv\/lektori\/\" \/>\n<meta property=\"og:site_name\" content=\"Tane\u010dn\u00ed Vitkovi\" \/>\n<meta property=\"article:modified_time\" content=\"2025-04-14T12:32:55+00:00\" \/>\n<meta property=\"og:image\" content=\"https:\/\/test.olsavsky.cz\/tv\/wp-content\/uploads\/2025\/04\/Martina-a-Jirka-005-scaled.jpg\" \/>\n\t<meta property=\"og:image:width\" content=\"1707\" \/>\n\t<meta property=\"og:image:height\" content=\"2560\" \/>\n\t<meta property=\"og:image:type\" content=\"image\/jpeg\" \/>\n<meta name=\"twitter:card\" content=\"summary_large_image\" \/>\n<meta name=\"twitter:label1\" content=\"Odhadovan\u00e1 doba \u010dten\u00ed\" \/>\n\t<meta name=\"twitter:data1\" content=\"1 minuta\" \/>\n<script type=\"application\/ld+json\" class=\"yoast-schema-graph\">{\"@context\":\"https:\/\/schema.org\",\"@graph\":[{\"@type\":\"WebPage\",\"@id\":\"https:\/\/test.olsavsky.cz\/tv\/lektori\/\",\"url\":\"https:\/\/test.olsavsky.cz\/tv\/lektori\/\",\"name\":\"Lekto\u0159i - Tane\u010dn\u00ed Vitkovi\",\"isPartOf\":{\"@id\":\"https:\/\/test.olsavsky.cz\/tv\/#website\"},\"primaryImageOfPage\":{\"@id\":\"https:\/\/test.olsavsky.cz\/tv\/lektori\/#primaryimage\"},\"image\":{\"@id\":\"https:\/\/test.olsavsky.cz\/tv\/lektori\/#primaryimage\"},\"thumbnailUrl\":\"https:\/\/test.olsavsky.cz\/tv\/wp-content\/uploads\/2025\/04\/Martina-a-Jirka-005-683x1024.jpg\",\"datePublished\":\"2025-03-30T11:48:41+00:00\",\"dateModified\":\"2025-04-14T12:32:55+00:00\",\"description\":\"Ji\u0159\u00ed Vitko a dal\u0161\u00ed lekto\u0159i maj\u00ed pot\u0159ebnou kvalifikaci, \u00fa\u010dastn\u00ed se sout\u011b\u017e\u00ed a pracuj\u00ed s ml\u00e1de\u017e\u00ed od nej\u00fatlej\u0161\u00edho v\u011bku.\",\"breadcrumb\":{\"@id\":\"https:\/\/test.olsavsky.cz\/tv\/lektori\/#breadcrumb\"},\"inLanguage\":\"cs\",\"potentialAction\":[{\"@type\":\"ReadAction\",\"target\":[\"https:\/\/test.olsavsky.cz\/tv\/lektori\/\"]}]},{\"@type\":\"ImageObject\",\"inLanguage\":\"cs\",\"@id\":\"https:\/\/test.olsavsky.cz\/tv\/lektori\/#primaryimage\",\"url\":\"https:\/\/test.olsavsky.cz\/tv\/wp-content\/uploads\/2025\/04\/Martina-a-Jirka-005-scaled.jpg\",\"contentUrl\":\"https:\/\/test.olsavsky.cz\/tv\/wp-content\/uploads\/2025\/04\/Martina-a-Jirka-005-scaled.jpg\",\"width\":1707,\"height\":2560},{\"@type\":\"BreadcrumbList\",\"@id\":\"https:\/\/test.olsavsky.cz\/tv\/lektori\/#breadcrumb\",\"itemListElement\":[{\"@type\":\"ListItem\",\"position\":1,\"name\":\"Dom\u016f\",\"item\":\"https:\/\/test.olsavsky.cz\/tv\/\"},{\"@type\":\"ListItem\",\"position\":2,\"name\":\"Lekto\u0159i\"}]},{\"@type\":\"WebSite\",\"@id\":\"https:\/\/test.olsavsky.cz\/tv\/#website\",\"url\":\"https:\/\/test.olsavsky.cz\/tv\/\",\"name\":\"Tane\u010dn\u00ed Vitkovi\",\"description\":\"\u2026tan\u010dete s n\u00e1mi pro radost\",\"publisher\":{\"@id\":\"https:\/\/test.olsavsky.cz\/tv\/#organization\"},\"potentialAction\":[{\"@type\":\"SearchAction\",\"target\":{\"@type\":\"EntryPoint\",\"urlTemplate\":\"https:\/\/test.olsavsky.cz\/tv\/?s={search_term_string}\"},\"query-input\":{\"@type\":\"PropertyValueSpecification\",\"valueRequired\":true,\"valueName\":\"search_term_string\"}}],\"inLanguage\":\"cs\"},{\"@type\":\"Organization\",\"@id\":\"https:\/\/test.olsavsky.cz\/tv\/#organization\",\"name\":\"Tane\u010dn\u00ed Vitkovi\",\"url\":\"https:\/\/test.olsavsky.cz\/tv\/\",\"logo\":{\"@type\":\"ImageObject\",\"inLanguage\":\"cs\",\"@id\":\"https:\/\/test.olsavsky.cz\/tv\/#\/schema\/logo\/image\/\",\"url\":\"https:\/\/test.olsavsky.cz\/tv\/wp-content\/uploads\/2025\/03\/logo.svg\",\"contentUrl\":\"https:\/\/test.olsavsky.cz\/tv\/wp-content\/uploads\/2025\/03\/logo.svg\",\"caption\":\"Tane\u010dn\u00ed Vitkovi\"},\"image\":{\"@id\":\"https:\/\/test.olsavsky.cz\/tv\/#\/schema\/logo\/image\/\"}}]}<\/script>\n<!-- \/ Yoast SEO plugin. -->","yoast_head_json":{"title":"Lekto\u0159i - Tane\u010dn\u00ed Vitkovi","description":"Ji\u0159\u00ed Vitko a dal\u0161\u00ed lekto\u0159i maj\u00ed pot\u0159ebnou kvalifikaci, \u00fa\u010dastn\u00ed se sout\u011b\u017e\u00ed a pracuj\u00ed s ml\u00e1de\u017e\u00ed od nej\u00fatlej\u0161\u00edho v\u011bku.","robots":{"index":"noindex","follow":"follow","max-snippet":"max-snippet:-1","max-image-preview":"max-image-preview:large","max-video-preview":"max-video-preview:-1"},"og_locale":"cs_CZ","og_type":"article","og_title":"Lekto\u0159i - Tane\u010dn\u00ed Vitkovi","og_description":"Ji\u0159\u00ed Vitko a dal\u0161\u00ed lekto\u0159i maj\u00ed pot\u0159ebnou kvalifikaci, \u00fa\u010dastn\u00ed se sout\u011b\u017e\u00ed a pracuj\u00ed s ml\u00e1de\u017e\u00ed od nej\u00fatlej\u0161\u00edho v\u011bku.","og_url":"https:\/\/test.olsavsky.cz\/tv\/lektori\/","og_site_name":"Tane\u010dn\u00ed Vitkovi","article_modified_time":"2025-04-14T12:32:55+00:00","og_image":[{"width":1707,"height":2560,"url":"https:\/\/test.olsavsky.cz\/tv\/wp-content\/uploads\/2025\/04\/Martina-a-Jirka-005-scaled.jpg","type":"image\/jpeg"}],"twitter_card":"summary_large_image","twitter_misc":{"Odhadovan\u00e1 doba \u010dten\u00ed":"1 minuta"},"schema":{"@context":"https:\/\/schema.org","@graph":[{"@type":"WebPage","@id":"https:\/\/test.olsavsky.cz\/tv\/lektori\/","url":"https:\/\/test.olsavsky.cz\/tv\/lektori\/","name":"Lekto\u0159i - Tane\u010dn\u00ed Vitkovi","isPartOf":{"@id":"https:\/\/test.olsavsky.cz\/tv\/#website"},"primaryImageOfPage":{"@id":"https:\/\/test.olsavsky.cz\/tv\/lektori\/#primaryimage"},"image":{"@id":"https:\/\/test.olsavsky.cz\/tv\/lektori\/#primaryimage"},"thumbnailUrl":"https:\/\/test.olsavsky.cz\/tv\/wp-content\/uploads\/2025\/04\/Martina-a-Jirka-005-683x1024.jpg","datePublished":"2025-03-30T11:48:41+00:00","dateModified":"2025-04-14T12:32:55+00:00","description":"Ji\u0159\u00ed Vitko a dal\u0161\u00ed lekto\u0159i maj\u00ed pot\u0159ebnou kvalifikaci, \u00fa\u010dastn\u00ed se sout\u011b\u017e\u00ed a pracuj\u00ed s ml\u00e1de\u017e\u00ed od nej\u00fatlej\u0161\u00edho v\u011bku.","breadcrumb":{"@id":"https:\/\/test.olsavsky.cz\/tv\/lektori\/#breadcrumb"},"inLanguage":"cs","potentialAction":[{"@type":"ReadAction","target":["https:\/\/test.olsavsky.cz\/tv\/lektori\/"]}]},{"@type":"ImageObject","inLanguage":"cs","@id":"https:\/\/test.olsavsky.cz\/tv\/lektori\/#primaryimage","url":"https:\/\/test.olsavsky.cz\/tv\/wp-content\/uploads\/2025\/04\/Martina-a-Jirka-005-scaled.jpg","contentUrl":"https:\/\/test.olsavsky.cz\/tv\/wp-content\/uploads\/2025\/04\/Martina-a-Jirka-005-scaled.jpg","width":1707,"height":2560},{"@type":"BreadcrumbList","@id":"https:\/\/test.olsavsky.cz\/tv\/lektori\/#breadcrumb","itemListElement":[{"@type":"ListItem","position":1,"name":"Dom\u016f","item":"https:\/\/test.olsavsky.cz\/tv\/"},{"@type":"ListItem","position":2,"name":"Lekto\u0159i"}]},{"@type":"WebSite","@id":"https:\/\/test.olsavsky.cz\/tv\/#website","url":"https:\/\/test.olsavsky.cz\/tv\/","name":"Tane\u010dn\u00ed Vitkovi","description":"\u2026tan\u010dete s n\u00e1mi pro radost","publisher":{"@id":"https:\/\/test.olsavsky.cz\/tv\/#organization"},"potentialAction":[{"@type":"SearchAction","target":{"@type":"EntryPoint","urlTemplate":"https:\/\/test.olsavsky.cz\/tv\/?s={search_term_string}"},"query-input":{"@type":"PropertyValueSpecification","valueRequired":true,"valueName":"search_term_string"}}],"inLanguage":"cs"},{"@type":"Organization","@id":"https:\/\/test.olsavsky.cz\/tv\/#organization","name":"Tane\u010dn\u00ed Vitkovi","url":"https:\/\/test.olsavsky.cz\/tv\/","logo":{"@type":"ImageObject","inLanguage":"cs","@id":"https:\/\/test.olsavsky.cz\/tv\/#\/schema\/logo\/image\/","url":"https:\/\/test.olsavsky.cz\/tv\/wp-content\/uploads\/2025\/03\/logo.svg","contentUrl":"https:\/\/test.olsavsky.cz\/tv\/wp-content\/uploads\/2025\/03\/logo.svg","caption":"Tane\u010dn\u00ed Vitkovi"},"image":{"@id":"https:\/\/test.olsavsky.cz\/tv\/#\/schema\/logo\/image\/"}}]}},"_links":{"self":[{"href":"https:\/\/test.olsavsky.cz\/tv\/wp-json\/wp\/v2\/pages\/126","targetHints":{"allow":["GET"]}}],"collection":[{"href":"https:\/\/test.olsavsky.cz\/tv\/wp-json\/wp\/v2\/pages"}],"about":[{"href":"https:\/\/test.olsavsky.cz\/tv\/wp-json\/wp\/v2\/types\/page"}],"author":[{"embeddable":true,"href":"https:\/\/test.olsavsky.cz\/tv\/wp-json\/wp\/v2\/users\/1"}],"replies":[{"embeddable":true,"href":"https:\/\/test.olsavsky.cz\/tv\/wp-json\/wp\/v2\/comments?post=126"}],"version-history":[{"count":2,"href":"https:\/\/test.olsavsky.cz\/tv\/wp-json\/wp\/v2\/pages\/126\/revisions"}],"predecessor-version":[{"id":196,"href":"https:\/\/test.olsavsky.cz\/tv\/wp-json\/wp\/v2\/pages\/126\/revisions\/196"}],"wp:attachment":[{"href":"https:\/\/test.olsavsky.cz\/tv\/wp-json\/wp\/v2\/media?parent=126"}],"curies":[{"name":"wp","href":"https:\/\/api.w.org\/{rel}","templated":true}]}}